{"id":2270,"date":"2024-01-31T17:13:20","date_gmt":"2024-01-31T17:13:20","guid":{"rendered":"https:\/\/octaviocordero.gob.ec\/?page_id=2270"},"modified":"2024-01-31T17:21:14","modified_gmt":"2024-01-31T17:21:14","slug":"convenios","status":"publish","type":"page","link":"https:\/\/octaviocordero.gob.ec\/index.php\/convenios\/","title":{"rendered":"CONVENIOS"},"content":{"rendered":"[et_pb_section fb_built=&#8221;1&#8243; admin_label=&#8221;section&#8221; _builder_version=&#8221;3.22&#8243;][et_pb_row admin_label=&#8221;row&#8221; _builder_version=&#8221;3.25&#8243; background_size=&#8221;initial&#8221; background_position=&#8221;top_left&#8221; background_repeat=&#8221;repeat&#8221;][et_pb_column type=&#8221;4_4&#8243; _builder_version=&#8221;3.25&#8243; custom_padding=&#8221;|||&#8221; custom_padding__hover=&#8221;|||&#8221;][et_pb_post_title _builder_version=&#8221;4.7.0&#8243; _module_preset=&#8221;default&#8221; text_orientation=&#8221;center&#8221; title_text_color=&#8221;#468e0b&#8221; meta_text_color=&#8221;#c55f0d&#8221; hover_enabled=&#8221;0&#8243; sticky_enabled=&#8221;0&#8243;][\/et_pb_post_title][et_pb_text admin_label=&#8221;Text&#8221; _builder_version=&#8221;4.7.0&#8243; text_text_color=&#8221;#0c71c3&#8243; background_size=&#8221;initial&#8221; background_position=&#8221;top_left&#8221; background_repeat=&#8221;repeat&#8221; hover_enabled=&#8221;0&#8243; sticky_enabled=&#8221;0&#8243; inline_fonts=&#8221;Alegreya Sans&#8221;]\n<ul>\n \t<li>\n<h4><span style=\"text-decoration: underline; color: #333399; font-family: 'Alegreya Sans'; font-weight: normal;\"><a style=\"color: #333399; text-decoration: underline;\" href=\"https:\/\/octaviocordero.gob.ec\/wp-content\/uploads\/2024\/01\/EMAC.pdf\">CONVENIO DE COOPERACI\u00d3N INSTITUCIONAL ENTRE LA EMPRESA P\u00daBLICA MUNICIPAL DE ASEO DE CUENCA EMAC EP Y EL GOBIERNO AUT\u00d3NOMO DESCENTRALIZADO PARROQUIAL RURAL DE OCTAVIO CORDERO PALACIOS PARA EL BARRIDO, LIMPIEZA, RECOLECCI\u00d3N, TRANSPORTE, DISPOSICI\u00d3N FINAL DE LOS DESECHOS S\u00d3LIDOS Y MANTENIMOIENTO DE \u00c1REAS VERDES<\/a><\/span><\/h4>\n<\/li>\n \t<li>\n<h4><span style=\"text-decoration: underline; color: #333399; font-family: 'Alegreya Sans'; font-weight: normal;\"><a style=\"color: #333399; text-decoration: underline;\" href=\"https:\/\/octaviocordero.gob.ec\/wp-content\/uploads\/2024\/01\/EMOV.pdf\">CONVENIO ENTRE LA EMPRESA P\u00daBLICA MUNICIPAL DE MOVILIDAD, TR\u00c1NSITO Y TRANSPORTE DE CUENCA EMOV EP Y EL GOBIERNO AUT\u00d3NOMO DESCENTRALIZADO PARROQUIAL DE OCTAVIO CORDERO PALACIOS PARA SE\u00d1ALIZACI\u00d3N HORIZONTAL Y VERTICAL DE LAS V\u00cdAS<\/a><\/span><\/h4>\n<h4><span style=\"text-decoration: underline; color: #333399; font-family: 'Alegreya Sans'; font-weight: normal;\"><!-- \/wp:post-content --><\/span><\/h4>\n<\/li>\n \t<li>\n<h4><span style=\"text-decoration: underline; color: #333399; font-family: 'Alegreya Sans'; font-weight: normal;\"><!-- wp:paragraph --><\/span><span style=\"text-decoration: underline; color: #333399; font-family: 'Alegreya Sans'; font-weight: normal;\"><!-- wp:paragraph --><a style=\"color: #333399; text-decoration: underline;\" href=\"https:\/\/octaviocordero.gob.ec\/wp-content\/uploads\/2024\/01\/GESTION_RIESGOS.pdf\">CONVENIO DE COOPERACI\u00d3N INTERINSTITUCIONAL CELEBRADO ENTRE EL GOBIERNO AUT\u00d3NOMO DESCENTRALIZADO MUNICIPAL DEL CANT\u00d3N CUENCA Y EL GOBIERNO AUT\u00d3NOMO DESCENTRALIZADO PARROQUIAL DE OCTAVIO CORDERO PALACIOS PARA LA FORMACI\u00d3N COMUNITARIA EN GESTI\u00d3N INTEGRAL DE RIESGOS, PREPRACI\u00d3N DE PRIMERA RESPUESTA Y CAPACITACI\u00d3N Y ASESOR\u00cdA<\/a><\/span><\/h4>\n<\/li>\n \t<li>\n<h4><span style=\"text-decoration: underline; color: #333399; font-family: 'Alegreya Sans'; font-weight: normal;\"><!-- wp:paragraph --><a style=\"color: #333399; text-decoration: underline;\" href=\"https:\/\/octaviocordero.gob.ec\/wp-content\/uploads\/2024\/01\/EMUCE.pdf\">CONVENIO MARCO QUE CELEBRA LA EMPRESA P\u00daBLICA MUNICIPAL DE SERVICIOS DE CEMENTERIOS, SALAS DE VELACIONES Y EXEQUIAS DEL CANT\u00d3N CUENCA \u201cEMUCE EP\u201d Y EL GOBIERTO AUT\u00d3NOMO DESCENTRALIZADO PARROQUIAL DE OCTAVIO CORDERO PALACIOS PARA EL ASESORAMIENTO T\u00c9CNICO, JUR\u00cdDICO Y APOYO AL DUELO<\/a><\/span><\/h4>\n<h4><span style=\"text-decoration: underline; color: #333399; font-family: 'Alegreya Sans'; font-weight: normal;\"><!-- \/wp:paragraph --><\/span><\/h4>\n<h4><span style=\"text-decoration: underline; color: #333399; font-family: 'Alegreya Sans'; font-weight: normal;\"><!-- \/wp:paragraph --><\/span><\/h4>\n<\/li>\n \t<li>\n<h4><span style=\"text-decoration: underline; color: #333399; font-family: 'Alegreya Sans'; font-weight: normal;\"><!-- wp:paragraph --><a style=\"color: #333399; text-decoration: underline;\" href=\"https:\/\/octaviocordero.gob.ec\/wp-content\/uploads\/2024\/01\/ACCION_SOCIAL.pdf\">CONVENIO DE COOPERACI\u00d3N INTERINSTITUCIONAL ENTRE ACCI\u00d3N SOCIAL MUNICIPAL DEL CANT\u00d3N CUENCA Y EL GOBIERNO AUT\u00d3NOMO DESCENTRALIZADO PARROQUIAL DE OCTAVIO CORDERO PALACIOS PARA FORTALECER LA ASISTENCIA SOCIAL Y SOLIDARIA PARA LAS PERSONAS Y FAMILIAS DE LA PARROQUIA, BRINDANDO ATENCI\u00d3N EN MEDICINA GENERAL Y ODONTOL\u00d3GICA, A TRAV\u00c9S D LAS UNIDADES M\u00c9DICAS M\u00d3VILES<\/a><\/span><\/h4>\n<h4><span style=\"text-decoration: underline; color: #333399; font-family: 'Alegreya Sans'; font-weight: normal;\"><!-- \/wp:paragraph --><\/span><\/h4>\n<h4><span style=\"text-decoration: underline; color: #333399; font-family: 'Alegreya Sans'; font-weight: normal;\"><!-- \/wp:paragraph --><\/span><\/h4>\n<h4><span style=\"text-decoration: underline; color: #333399; font-family: 'Alegreya Sans'; font-weight: normal;\"><!-- \/wp:paragraph --><\/span><\/h4>\n<\/li>\n \t<li>\n<h4><span style=\"text-decoration: underline; color: #333399; font-family: 'Alegreya Sans'; font-weight: normal;\"><!-- wp:paragraph --><a style=\"color: #333399; text-decoration: underline;\" href=\"https:\/\/octaviocordero.gob.ec\/wp-content\/uploads\/2024\/01\/GUARDIA_CIUDADANA.pdf\">CONVENIO DE COOPERCI\u00d3N INTERINSTITUCIONAL ENTRE LA GUARDIA CIUDADANA DEL CANT\u00d3N CUENCA Y EL GOBIERNO AUT\u00d3NOO DESCENTRALIZADO PARROQUIAL DE \u201cOCTAVIO CORDERO PALACIOS\u201d<\/a><\/span><\/h4>\n<\/li>\n \t<li>\n<h4><span style=\"text-decoration: underline; color: #333399; font-family: 'Alegreya Sans'; font-weight: normal;\"><a style=\"color: #333399; text-decoration: underline;\" href=\"https:\/\/octaviocordero.gob.ec\/wp-content\/uploads\/2024\/01\/ELECAUSTRO.pdf\">CONVENIO DE COOPERACI\u00d3N INTERINSTITUCIONAL QUE CELEBRA LA EMPRESA ELECTRO GENERADORA DEL AUSTRO ELECAUSTRO S.A. Y LE GOBIERNO AUT\u00d3NOMO DESCENTRALIZADO PARROQUIAL DE OCTAVIO CORDERO PALACIOS, PARA APOYAR EL \u201cMANTENIMIENTO VIAL RUTINARIO Y APOYO EN LA CONSERVACI\u00d3N DEL MEDIO AMBIENTE, EN LA ZONA DE INFLUENCIA DEL COMPLEJO HIDROEL\u00c9CTRICO MACH\u00c1NGARA, PARROQUIA OCTAVIO CORDERO PALACIOS\u201d<\/a><\/span><\/h4>\n<\/li>\n \t<li>\n<h4><span style=\"text-decoration: underline; color: #333399; font-family: 'Alegreya Sans'; font-weight: normal;\"><a style=\"color: #333399; text-decoration: underline;\" href=\"https:\/\/octaviocordero.gob.ec\/wp-content\/uploads\/2024\/01\/MANTENIMIENTO_VIAL_DELEGADO_2022.pdf\">CONVENIO DE COOPERACI\u00d3N INTERINSTITUCIONAL ENTRE EL GOBIERNO PROVINCIAL DEL AZUAY Y EL GOBIERNO AUT\u00d3NOMO DESCENTRALIZADO PARROQUIAL DE OCTAVIO CORDERO PALACIOS, PARA REALIZAR EL MANTENIMIENTO VIAL A NIVEL DE LASTRE EN LAS VIAS DE LA PARROQUIA QUE PERTENECEN AL SUBSISTEMA DE DELEGACI\u00d3N, CON LOS RECURSOS DEL MANTENIMIENTO VIAL DELAGADO 2022<\/a><\/span><\/h4>\n<\/li>\n \t<li>\n<h4><span style=\"text-decoration: underline; color: #333399; font-family: 'Alegreya Sans'; font-weight: normal;\"><a style=\"color: #333399; text-decoration: underline;\" href=\"https:\/\/octaviocordero.gob.ec\/wp-content\/uploads\/2024\/01\/MIES.pdf\">CONVENIO DE COOPERACI\u00d3N T\u00c9CNICO ECON\u00d3MICA No. AM-06-01D01-20561-D ENTRE EL MINISTERIO DE INCLUSI\u00d3N ECON\u00d3MICA Y SOCIAL \u2013 MIES Y GOBIERNO AUT\u00d3NOMO DESCENTRALIADO PARROQUIAL RURAL DE OCTAVIO CORDERO PALACIOS (GAD) PARA LA IMPLEMENTACI\u00d3N DE SERVICIOS DE PERSONAS ADULTAS MAYORES \u2013 PEJ EN LA MODALIDAD ATENCI\u00d3N DOMICILIARIA PARA PERSONAS ADULTAS MAYORES SIN DISCAPACIDAD<\/a><\/span><\/h4>\n<\/li>\n \t<li>\n<h4><span style=\"text-decoration: underline; color: #333399; font-family: 'Alegreya Sans'; font-weight: normal;\"><a style=\"color: #333399; text-decoration: underline;\" href=\"https:\/\/octaviocordero.gob.ec\/wp-content\/uploads\/2024\/01\/PP2023.pdf\">CONVENIO ENTRE EL GOBIERNO AUT\u00d3NOMO DESCENTRALIZADO MUNICIPAL DEL CANT\u00d3N CUENCA Y EL GOBIERNO AUT\u00d3NOMO DESCENTRALIZADO PARROQUIAL DE OCTAVIO CORDERO PALACIOS PARA FORTALECER LA EJECUCI\u00d3N EFECTIVA DEL PRESUPUESTO PARTICIPATIVO CORRESPONDIENTE AL POA DEL A\u00d1O 2023 <\/a><\/span><\/h4>\n<\/li>\n<\/ul>\n<!-- \/wp:paragraph -->\n\n[\/et_pb_text][\/et_pb_column][\/et_pb_row][\/et_pb_section]\n\n<!-- wp:paragraph -->\n\n<!-- \/wp:paragraph -->","protected":false},"excerpt":{"rendered":"<p>[et_pb_section fb_built=&#8221;1&#8243; admin_label=&#8221;section&#8221; _builder_version=&#8221;3.22&#8243;][et_pb_row admin_label=&#8221;row&#8221; _builder_version=&#8221;3.25&#8243; background_size=&#8221;initial&#8221; background_position=&#8221;top_left&#8221; background_repeat=&#8221;repeat&#8221;][et_pb_column type=&#8221;4_4&#8243; _builder_version=&#8221;3.25&#8243; custom_padding=&#8221;|||&#8221; custom_padding__hover=&#8221;|||&#8221;][et_pb_post_title _builder_version=&#8221;4.7.0&#8243; _module_preset=&#8221;default&#8221; text_orientation=&#8221;center&#8221; title_text_color=&#8221;#468e0b&#8221; meta_text_color=&#8221;#c55f0d&#8221; hover_enabled=&#8221;0&#8243; sticky_enabled=&#8221;0&#8243;][\/et_pb_post_title][et_pb_text [&hellip;]<\/p>\n","protected":false},"author":1,"featured_media":0,"parent":0,"menu_order":0,"comment_status":"closed","ping_status":"closed","template":"","meta":{"site-sidebar-layout":"default","site-content-layout":"","ast-site-content-layout":"","site-content-style":"default","site-sidebar-style":"default","ast-global-header-display":"","ast-banner-title-visibility":"","ast-main-header-display":"","ast-hfb-above-header-display":"","ast-hfb-below-header-display":"","ast-hfb-mobile-header-display":"","site-post-title":"","ast-breadcrumbs-content":"","ast-featured-img":"","footer-sml-layout":"","theme-transparent-header-meta":"","adv-header-id-meta":"","stick-header-meta":"","header-above-stick-meta":"","header-main-stick-meta":"","header-below-stick-meta":"","astra-migrate-meta-layouts":"default","ast-page-background-enabled":"default","ast-page-background-meta":{"desktop":{"background-color":"var(--ast-global-color-4)","background-image":"","background-repeat":"repeat","background-position":"center center","background-size":"auto","background-attachment":"scroll","background-type":"","background-media":"","overlay-type":"","overlay-color":"","overlay-gradient":""},"tablet":{"background-color":"","background-image":"","background-repeat":"repeat","background-position":"center center","background-size":"auto","background-attachment":"scroll","background-type":"","background-media":"","overlay-type":"","overlay-color":"","overlay-gradient":""},"mobile":{"background-color":"","background-image":"","background-repeat":"repeat","background-position":"center center","background-size":"auto","background-attachment":"scroll","background-type":"","background-media":"","overlay-type":"","overlay-color":"","overlay-gradient":""}},"ast-content-background-meta":{"desktop":{"background-color":"var(--ast-global-color-5)","background-image":"","background-repeat":"repeat","background-position":"center center","background-size":"auto","background-attachment":"scroll","background-type":"","background-media":"","overlay-type":"","overlay-color":"","overlay-gradient":""},"tablet":{"background-color":"var(--ast-global-color-5)","background-image":"","background-repeat":"repeat","background-position":"center center","background-size":"auto","background-attachment":"scroll","background-type":"","background-media":"","overlay-type":"","overlay-color":"","overlay-gradient":""},"mobile":{"background-color":"var(--ast-global-color-5)","background-image":"","background-repeat":"repeat","background-position":"center center","background-size":"auto","background-attachment":"scroll","background-type":"","background-media":"","overlay-type":"","overlay-color":"","overlay-gradient":""}},"footnotes":""},"class_list":["post-2270","page","type-page","status-publish","hentry"],"_links":{"self":[{"href":"https:\/\/octaviocordero.gob.ec\/index.php\/wp-json\/wp\/v2\/pages\/2270","targetHints":{"allow":["GET"]}}],"collection":[{"href":"https:\/\/octaviocordero.gob.ec\/index.php\/wp-json\/wp\/v2\/pages"}],"about":[{"href":"https:\/\/octaviocordero.gob.ec\/index.php\/wp-json\/wp\/v2\/types\/page"}],"author":[{"embeddable":true,"href":"https:\/\/octaviocordero.gob.ec\/index.php\/wp-json\/wp\/v2\/users\/1"}],"replies":[{"embeddable":true,"href":"https:\/\/octaviocordero.gob.ec\/index.php\/wp-json\/wp\/v2\/comments?post=2270"}],"version-history":[{"count":3,"href":"https:\/\/octaviocordero.gob.ec\/index.php\/wp-json\/wp\/v2\/pages\/2270\/revisions"}],"predecessor-version":[{"id":2303,"href":"https:\/\/octaviocordero.gob.ec\/index.php\/wp-json\/wp\/v2\/pages\/2270\/revisions\/2303"}],"wp:attachment":[{"href":"https:\/\/octaviocordero.gob.ec\/index.php\/wp-json\/wp\/v2\/media?parent=2270"}],"curies":[{"name":"wp","href":"https:\/\/api.w.org\/{rel}","templated":true}]}}